{"id":1161,"date":"2018-08-30T12:10:21","date_gmt":"2018-08-30T15:10:21","guid":{"rendered":"https:\/\/ifdmoreno-cba.infd.edu.ar\/sitio\/profesorado-de-educacion-secundaria-en-quimica\/"},"modified":"2023-02-21T17:54:36","modified_gmt":"2023-02-21T20:54:36","slug":"profesorado-de-educacion-secundaria-en-quimica","status":"publish","type":"page","link":"https:\/\/ifdmoreno-cba.infd.edu.ar\/sitio\/profesorado-de-educacion-secundaria-en-quimica\/","title":{"rendered":"Profesorado de Educaci\u00f3n Secundaria en Qu\u00edmica"},"content":{"rendered":"<p><strong>PROFESORADO DE EDUCACI\u00d3N SECUNDARIA EN QU\u00cdMICA<\/strong><\/p>\n<p><strong>T\u00edtulo:<\/strong> Profesor\/a de Educaci\u00f3n Secundaria en Qu\u00edmica<\/p>\n<p><strong>Duraci\u00f3n:<\/strong>\u00a04 a\u00f1os<\/p>\n<p><strong>Jefe de secci\u00f3n:<\/strong> Prof. Viviana Fern\u00e1ndez |\u00a0<\/p>\n<h2 style=\"margin: 0cm 0cm 0pt; text-align: center;\"><em><span style=\"font-size: 14pt;\"><span style=\"font-family: arial,helvetica,sans-serif;\"><span style=\"color: #000000;\"><span lang=\"ES-AR\"><img decoding=\"async\" loading=\"lazy\" class=\"wp-image-1779 aligncenter\" src=\"https:\/\/ifdmoreno-cba.infd.edu.ar\/sitio\/wp-content\/uploads\/2021\/12\/WhatsApp-Image-2020-12-28-at-16.42.27-1000x1000.jpeg\" alt=\"\" width=\"335\" height=\"335\" srcset=\"https:\/\/ifdmoreno-cba.infd.edu.ar\/sitio\/wp-content\/uploads\/2021\/12\/WhatsApp-Image-2020-12-28-at-16.42.27-1000x1000.jpeg 1000w, https:\/\/ifdmoreno-cba.infd.edu.ar\/sitio\/wp-content\/uploads\/2021\/12\/WhatsApp-Image-2020-12-28-at-16.42.27-500x500.jpeg 500w, https:\/\/ifdmoreno-cba.infd.edu.ar\/sitio\/wp-content\/uploads\/2021\/12\/WhatsApp-Image-2020-12-28-at-16.42.27-768x768.jpeg 768w, https:\/\/ifdmoreno-cba.infd.edu.ar\/sitio\/wp-content\/uploads\/2021\/12\/WhatsApp-Image-2020-12-28-at-16.42.27.jpeg 1080w\" sizes=\"(max-width: 335px) 100vw, 335px\" \/>\u00a0 \u00a0 \u00a0 \u00a0 <\/span><\/span><\/span><\/span><\/em><\/h2>\n<h2 style=\"margin: 0cm 0cm 0pt; text-align: center;\"><em><span style=\"font-size: 14pt;\"><span style=\"font-family: arial,helvetica,sans-serif;\"><span style=\"color: #000000;\"><span lang=\"ES-AR\">\u00a0 \u00a0<span style=\"font-family: helvetica, arial, sans-serif; font-size: 10pt;\">\u00abNada en este mundo debe ser temido&#8230; solo entendido. Ahora es el momento de comprender m\u00e1s, para que podamos temer menos\u00bb<\/span><\/span><\/span><\/span><\/span><\/em><\/h2>\n<p style=\"text-align: right;\"><span style=\"font-size: 14pt;\"><span style=\"font-family: arial,helvetica,sans-serif;\"><span style=\"color: #000000;\"><span lang=\"ES-AR\"><span style=\"font-family: helvetica, arial, sans-serif; font-size: 10pt;\">(Marie Curie)<\/span><\/span><\/span><\/span><\/span><\/p>\n<div>\n<p style=\"text-align: center;\">\u00a0<\/p>\n<p><strong>ALCANCES DEL T\u00cdTULO<\/strong><\/p>\n<ul>\n<li>Desempe\u00f1ar la profesi\u00f3n docente en el Nivel Secundario, &#8211; tanto en el Ciclo B\u00e1sico como en todas sus modalidades y orientaciones- en establecimientos p\u00fablicos y privados.<\/li>\n<li>Gestionar la organizaci\u00f3n y el funcionamiento de laboratorios de qu\u00edmica y\/o de ciencias naturales, en car\u00e1cter de encargado o ayudante t\u00e9cnico, en instituciones educativas u otros \u00e1mbitos.<\/li>\n<li>Participar en tareas de investigaci\u00f3n y capacitaci\u00f3n afines a su campo de estudio, en espacios laborales educativos p\u00fablicos o privados.<\/li>\n<li>Integrar equipos de trabajo junto a profesionales del \u00e1rea de incumbencia, dise\u00f1ando, coordinando y ejecutando actividades espec\u00edficas.<\/li>\n<\/ul>\n<p><strong>PERFIL DEL EGRESADO<\/strong><\/p>\n<p>Este trayecto inicial de la formaci\u00f3n docente permite crear relaciones entre el campo de la formaci\u00f3n general, los contenidos disciplinares y las pr\u00e1cticas pedag\u00f3gicas, formando un profesional competente para atender la ense\u00f1anza en las diversas orientaciones y contextos de la educaci\u00f3n secundaria.<\/p>\n<p>El Profesor de Educaci\u00f3n Secundaria en Qu\u00edmica est\u00e1 capacitado para:<\/p>\n<ul>\n<li>Generar espacios de aprendizaje que atiendan a la alfabetizaci\u00f3n cient\u00edfica de los ciudadanos del siglo XXI<\/li>\n<li>Contextualizar los contenidos a ense\u00f1ar en relaci\u00f3n a aspectos de la vida cotidiana, sus aportes hist\u00f3ricos y actuales a la ciencia y la tecnolog\u00eda, y el estudio de controversias de car\u00e1cter socio-cient\u00edfico.<\/li>\n<li>Ser una persona aut\u00f3noma, cr\u00edtica y proactiva, que promueve y facilita el trabajo colaborativo, y aborda situaciones priorizando aspectos humanos.<\/li>\n<li>Poseer una mirada reflexiva sobre los resultados de su labor pedag\u00f3gica.<\/li>\n<\/ul>\n<p>\u00a0<\/p>\n<p><strong>PLAN DE ESTUDIOS\u00a0<\/strong><\/p>\n<\/div>\n\n\n<figure class=\"wp-block-table\"><table><tbody><tr><td><strong>Resoluci\u00f3n Ministerial 977\/14 \u2013\u00a0<a href=\"https:\/\/dges-cba.infd.edu.ar\/sitio\/upload\/DCurricular_Biol_Fis_Quim_2015.pdf\">Dise\u00f1o Curricular para el Profesorado de Educaci\u00f3n Secundaria en Qu\u00edmica<\/a><\/strong><\/td><\/tr><\/tbody><\/table><\/figure>\n\n\n\n<p><strong>| ESTRUCTURA CURRICULAR<\/strong><\/p>\n\n\n\n<figure class=\"wp-block-image size-full\"><img decoding=\"async\" loading=\"lazy\" width=\"667\" height=\"695\" src=\"https:\/\/ifdmoreno-cba.infd.edu.ar\/sitio\/wp-content\/uploads\/2023\/02\/image-6.png\" alt=\"\" class=\"wp-image-2244\"\/><\/figure>\n\n\n\n<figure class=\"wp-block-image size-full\"><img decoding=\"async\" loading=\"lazy\" width=\"665\" height=\"695\" src=\"https:\/\/ifdmoreno-cba.infd.edu.ar\/sitio\/wp-content\/uploads\/2023\/02\/image-7.png\" alt=\"\" class=\"wp-image-2245\"\/><\/figure>\n\n\n\n<figure class=\"wp-block-image size-full\"><img decoding=\"async\" loading=\"lazy\" width=\"667\" height=\"701\" src=\"https:\/\/ifdmoreno-cba.infd.edu.ar\/sitio\/wp-content\/uploads\/2023\/02\/image-8.png\" alt=\"\" class=\"wp-image-2246\"\/><\/figure>\n\n\n\n<figure class=\"wp-block-image size-full\"><img decoding=\"async\" loading=\"lazy\" width=\"663\" height=\"701\" src=\"https:\/\/ifdmoreno-cba.infd.edu.ar\/sitio\/wp-content\/uploads\/2023\/02\/image-9.png\" alt=\"\" class=\"wp-image-2247\"\/><\/figure>\n\n\n\n<figure class=\"wp-block-image size-full\"><img decoding=\"async\" loading=\"lazy\" width=\"665\" height=\"49\" src=\"https:\/\/ifdmoreno-cba.infd.edu.ar\/sitio\/wp-content\/uploads\/2023\/02\/image-10.png\" alt=\"\" class=\"wp-image-2248\"\/><\/figure>\n\n\n\n<figure class=\"wp-block-table\"><table><tbody><tr><td><strong>Problem\u00e1ticas y Desaf\u00edos de la Educaci\u00f3n<\/strong><\/td><\/tr><tr><td><strong>La Qu\u00edmica en el mundo actual<\/strong><\/td><\/tr><\/tbody><\/table><\/figure>\n","protected":false},"excerpt":{"rendered":"<p>PROFESORADO DE EDUCACI\u00d3N SECUNDARIA EN QU\u00cdMICA T\u00edtulo: Profesor\/a de Educaci\u00f3n Secundaria en Qu\u00edmica Duraci\u00f3n:\u00a04 a\u00f1os Jefe de secci\u00f3n: Prof. Viviana Fern\u00e1ndez |\u00a0 \u00a0 \u00a0 \u00a0 \u00a0 \u00a0 \u00a0\u00abNada en este mundo debe ser temido&#8230; solo entendido. Ahora es el momento de comprender m\u00e1s, para que podamos temer menos\u00bb (Marie Curie) \u00a0 ALCANCES DEL T\u00cdTULO Desempe\u00f1ar &#8230; <a title=\"Profesorado de Educaci\u00f3n Secundaria en Qu\u00edmica\" class=\"read-more\" href=\"https:\/\/ifdmoreno-cba.infd.edu.ar\/sitio\/profesorado-de-educacion-secundaria-en-quimica\/\" aria-label=\"More on Profesorado de Educaci\u00f3n Secundaria en Qu\u00edmica\">[+]<\/a><\/p>\n","protected":false},"author":572,"featured_media":0,"parent":0,"menu_order":0,"comment_status":"closed","ping_status":"closed","template":"","meta":[],"acf":[],"_links":{"self":[{"href":"https:\/\/ifdmoreno-cba.infd.edu.ar\/sitio\/wp-json\/wp\/v2\/pages\/1161"}],"collection":[{"href":"https:\/\/ifdmoreno-cba.infd.edu.ar\/sitio\/wp-json\/wp\/v2\/pages"}],"about":[{"href":"https:\/\/ifdmoreno-cba.infd.edu.ar\/sitio\/wp-json\/wp\/v2\/types\/page"}],"author":[{"embeddable":true,"href":"https:\/\/ifdmoreno-cba.infd.edu.ar\/sitio\/wp-json\/wp\/v2\/users\/572"}],"replies":[{"embeddable":true,"href":"https:\/\/ifdmoreno-cba.infd.edu.ar\/sitio\/wp-json\/wp\/v2\/comments?post=1161"}],"version-history":[{"count":6,"href":"https:\/\/ifdmoreno-cba.infd.edu.ar\/sitio\/wp-json\/wp\/v2\/pages\/1161\/revisions"}],"predecessor-version":[{"id":2250,"href":"https:\/\/ifdmoreno-cba.infd.edu.ar\/sitio\/wp-json\/wp\/v2\/pages\/1161\/revisions\/2250"}],"wp:attachment":[{"href":"https:\/\/ifdmoreno-cba.infd.edu.ar\/sitio\/wp-json\/wp\/v2\/media?parent=1161"}],"curies":[{"name":"wp","href":"https:\/\/api.w.org\/{rel}","templated":true}]}}